{"id":76675,"date":"2025-07-18T09:50:47","date_gmt":"2025-07-18T13:50:47","guid":{"rendered":"https:\/\/www.conati.gob.ve\/?page_id=76675"},"modified":"2025-07-18T10:04:22","modified_gmt":"2025-07-18T14:04:22","slug":"diplomado-para-la-gestion-de-las-tecnologias-de-informacion-y-la-comunicacion-suma-a-fundacites-a-su-segunda-cohorte-formativa","status":"publish","type":"page","link":"https:\/\/www.conati.gob.ve\/index.php\/diplomado-para-la-gestion-de-las-tecnologias-de-informacion-y-la-comunicacion-suma-a-fundacites-a-su-segunda-cohorte-formativa\/","title":{"rendered":"Diplomado para la Gesti\u00f3n de las Tecnolog\u00edas de Informaci\u00f3n y la Comunicaci\u00f3n suma a FUNDACITES a su segunda cohorte formativa"},"content":{"rendered":"\t\t<div data-elementor-type=\"wp-page\" data-elementor-id=\"76675\" class=\"elementor elementor-76675\" data-elementor-post-type=\"page\">\n\t\t\t\t\t\t<section data-particle_enable=\"false\" data-particle-mobile-disabled=\"false\" class=\"elementor-section elementor-top-section elementor-element elementor-element-5e124fce elementor-hidden-desktop elementor-section-boxed elementor-section-height-default elementor-section-height-default\" data-id=\"5e124fce\" data-element_type=\"section\" data-e-type=\"section\">\n\t\t\t\t\t\t<div class=\"elementor-container elementor-column-gap-default\">\n\t\t\t\t\t<div class=\"elementor-column elementor-col-100 elementor-top-column elementor-element elementor-element-695eef4e\" data-id=\"695eef4e\" data-element_type=\"column\" data-e-type=\"column\">\n\t\t\t<div class=\"elementor-widget-wrap elementor-element-populated\">\n\t\t\t\t\t\t<div class=\"elementor-element elementor-element-592bbb8c elementor-widget elementor-widget-image\" data-id=\"592bbb8c\" data-element_type=\"widget\" data-e-type=\"widget\" data-widget_type=\"image.default\">\n\t\t\t\t<div class=\"elementor-widget-container\">\n\t\t\t\t\t\t\t\t\t\t\t\t\t\t\t<img fetchpriority=\"high\" decoding=\"async\" width=\"1024\" height=\"88\" src=\"https:\/\/www.conati.gob.ve\/wp-content\/uploads\/cintillo-intitucional-200-nuevo-1-1024x88.png\" class=\"attachment-large size-large wp-image-70707\" alt=\"\" srcset=\"https:\/\/www.conati.gob.ve\/wp-content\/uploads\/cintillo-intitucional-200-nuevo-1-1024x88.png 1024w, https:\/\/www.conati.gob.ve\/wp-content\/uploads\/cintillo-intitucional-200-nuevo-1-300x26.png 300w, https:\/\/www.conati.gob.ve\/wp-content\/uploads\/cintillo-intitucional-200-nuevo-1-768x66.png 768w, https:\/\/www.conati.gob.ve\/wp-content\/uploads\/cintillo-intitucional-200-nuevo-1-1536x131.png 1536w, https:\/\/www.conati.gob.ve\/wp-content\/uploads\/cintillo-intitucional-200-nuevo-1-2048x175.png 2048w\" sizes=\"(max-width: 1024px) 100vw, 1024px\" \/>\t\t\t\t\t\t\t\t\t\t\t\t\t\t\t<\/div>\n\t\t\t\t<\/div>\n\t\t\t\t\t<\/div>\n\t\t<\/div>\n\t\t\t\t\t<\/div>\n\t\t<\/section>\n\t\t\t\t<section data-particle_enable=\"false\" data-particle-mobile-disabled=\"false\" class=\"elementor-section elementor-top-section elementor-element elementor-element-5d67cd2a elementor-section-full_width elementor-section-height-default elementor-section-height-default\" data-id=\"5d67cd2a\" data-element_type=\"section\" data-e-type=\"section\">\n\t\t\t\t\t\t<div class=\"elementor-container elementor-column-gap-default\">\n\t\t\t\t\t<div class=\"elementor-column elementor-col-100 elementor-top-column elementor-element elementor-element-3153dfbd\" data-id=\"3153dfbd\" data-element_type=\"column\" data-e-type=\"column\">\n\t\t\t<div class=\"elementor-widget-wrap elementor-element-populated\">\n\t\t\t\t\t\t<section data-particle_enable=\"false\" data-particle-mobile-disabled=\"false\" class=\"elementor-section elementor-inner-section elementor-element elementor-element-7f020771 elementor-section-full_width elementor-hidden-mobile elementor-hidden-tablet elementor-section-height-default elementor-section-height-default\" data-id=\"7f020771\" data-element_type=\"section\" data-e-type=\"section\">\n\t\t\t\t\t\t<div class=\"elementor-container elementor-column-gap-default\">\n\t\t\t\t\t<div class=\"elementor-column elementor-col-50 elementor-inner-column elementor-element elementor-element-716b50ac\" data-id=\"716b50ac\" data-element_type=\"column\" data-e-type=\"column\">\n\t\t\t<div class=\"elementor-widget-wrap elementor-element-populated\">\n\t\t\t\t\t\t<div class=\"elementor-element elementor-element-7331a317 elementor-widget elementor-widget-image\" data-id=\"7331a317\" data-element_type=\"widget\" data-e-type=\"widget\" data-widget_type=\"image.default\">\n\t\t\t\t<div class=\"elementor-widget-container\">\n\t\t\t\t\t\t\t\t\t\t\t\t\t\t\t<img decoding=\"async\" src=\"https:\/\/www.conati.gob.ve\/wp-content\/uploads\/cintillo-institucional-nuevo-2.png\" title=\"cintillo institucional nuevo (2)\" alt=\"cintillo institucional nuevo (2)\" loading=\"lazy\" \/>\t\t\t\t\t\t\t\t\t\t\t\t\t\t\t<\/div>\n\t\t\t\t<\/div>\n\t\t\t\t\t<\/div>\n\t\t<\/div>\n\t\t\t\t<div class=\"elementor-column elementor-col-50 elementor-inner-column elementor-element elementor-element-103f527b\" data-id=\"103f527b\" data-element_type=\"column\" data-e-type=\"column\">\n\t\t\t<div class=\"elementor-widget-wrap elementor-element-populated\">\n\t\t\t\t\t\t<div class=\"elementor-element elementor-element-576d1a04 elementor-widget elementor-widget-image\" data-id=\"576d1a04\" data-element_type=\"widget\" data-e-type=\"widget\" data-widget_type=\"image.default\">\n\t\t\t\t<div class=\"elementor-widget-container\">\n\t\t\t\t\t\t\t\t\t\t\t\t\t\t\t<img decoding=\"async\" width=\"333\" height=\"225\" src=\"https:\/\/www.conati.gob.ve\/wp-content\/uploads\/nuevo-200-anos-cintillo-institucional-.png\" class=\"attachment-large size-large wp-image-70702\" alt=\"\" srcset=\"https:\/\/www.conati.gob.ve\/wp-content\/uploads\/nuevo-200-anos-cintillo-institucional-.png 333w, https:\/\/www.conati.gob.ve\/wp-content\/uploads\/nuevo-200-anos-cintillo-institucional--300x203.png 300w\" sizes=\"(max-width: 333px) 100vw, 333px\" \/>\t\t\t\t\t\t\t\t\t\t\t\t\t\t\t<\/div>\n\t\t\t\t<\/div>\n\t\t\t\t\t<\/div>\n\t\t<\/div>\n\t\t\t\t\t<\/div>\n\t\t<\/section>\n\t\t\t\t\t<\/div>\n\t\t<\/div>\n\t\t\t\t\t<\/div>\n\t\t<\/section>\n\t\t\t\t<section data-particle_enable=\"false\" data-particle-mobile-disabled=\"false\" class=\"elementor-section elementor-top-section elementor-element elementor-element-35e2f149 elementor-section-boxed elementor-section-height-default elementor-section-height-default\" data-id=\"35e2f149\" data-element_type=\"section\" data-e-type=\"section\" data-settings=\"{&quot;background_background&quot;:&quot;classic&quot;}\">\n\t\t\t\t\t\t<div class=\"elementor-container elementor-column-gap-default\">\n\t\t\t\t\t<div class=\"elementor-column elementor-col-100 elementor-top-column elementor-element elementor-element-1c9640bc\" data-id=\"1c9640bc\" data-element_type=\"column\" data-e-type=\"column\">\n\t\t\t<div class=\"elementor-widget-wrap elementor-element-populated\">\n\t\t\t\t\t\t<div class=\"elementor-element elementor-element-68f93bb1 elementor-widget elementor-widget-image\" data-id=\"68f93bb1\" data-element_type=\"widget\" data-e-type=\"widget\" data-widget_type=\"image.default\">\n\t\t\t\t<div class=\"elementor-widget-container\">\n\t\t\t\t\t\t\t\t\t\t\t\t\t\t\t<img decoding=\"async\" width=\"1024\" height=\"768\" src=\"https:\/\/www.conati.gob.ve\/wp-content\/uploads\/51726193004758747991-1024x768.jpg\" class=\"attachment-large size-large wp-image-76677\" alt=\"\" srcset=\"https:\/\/www.conati.gob.ve\/wp-content\/uploads\/51726193004758747991-1024x768.jpg 1024w, https:\/\/www.conati.gob.ve\/wp-content\/uploads\/51726193004758747991-300x225.jpg 300w, https:\/\/www.conati.gob.ve\/wp-content\/uploads\/51726193004758747991-768x576.jpg 768w, https:\/\/www.conati.gob.ve\/wp-content\/uploads\/51726193004758747991.jpg 1280w\" sizes=\"(max-width: 1024px) 100vw, 1024px\" \/>\t\t\t\t\t\t\t\t\t\t\t\t\t\t\t<\/div>\n\t\t\t\t<\/div>\n\t\t\t\t\t<\/div>\n\t\t<\/div>\n\t\t\t\t\t<\/div>\n\t\t<\/section>\n\t\t\t\t<section data-particle_enable=\"false\" data-particle-mobile-disabled=\"false\" class=\"elementor-section elementor-top-section elementor-element elementor-element-3be3c2cb elementor-section-boxed elementor-section-height-default elementor-section-height-default\" data-id=\"3be3c2cb\" data-element_type=\"section\" data-e-type=\"section\">\n\t\t\t\t\t\t<div class=\"elementor-container elementor-column-gap-default\">\n\t\t\t\t\t<div class=\"elementor-column elementor-col-100 elementor-top-column elementor-element elementor-element-445c1992\" data-id=\"445c1992\" data-element_type=\"column\" data-e-type=\"column\">\n\t\t\t<div class=\"elementor-widget-wrap elementor-element-populated\">\n\t\t\t\t\t\t<div class=\"elementor-element elementor-element-422aa379 elementor-widget elementor-widget-heading\" data-id=\"422aa379\" data-element_type=\"widget\" data-e-type=\"widget\" data-widget_type=\"heading.default\">\n\t\t\t\t<div class=\"elementor-widget-container\">\n\t\t\t\t\t<h2 class=\"elementor-heading-title elementor-size-default\">Diplomado para la Gesti\u00f3n de las Tecnolog\u00edas de Informaci\u00f3n y la Comunicaci\u00f3n suma  a los  FUNDACITES a su segunda cohorte formativa<\/h2>\t\t\t\t<\/div>\n\t\t\t\t<\/div>\n\t\t\t\t\t<\/div>\n\t\t<\/div>\n\t\t\t\t\t<\/div>\n\t\t<\/section>\n\t\t\t\t<section data-particle_enable=\"false\" data-particle-mobile-disabled=\"false\" class=\"elementor-section elementor-top-section elementor-element elementor-element-68013078 elementor-section-boxed elementor-section-height-default elementor-section-height-default\" data-id=\"68013078\" data-element_type=\"section\" data-e-type=\"section\">\n\t\t\t\t\t\t<div class=\"elementor-container elementor-column-gap-default\">\n\t\t\t\t\t<div class=\"elementor-column elementor-col-100 elementor-top-column elementor-element elementor-element-78958dfe\" data-id=\"78958dfe\" data-element_type=\"column\" data-e-type=\"column\">\n\t\t\t<div class=\"elementor-widget-wrap elementor-element-populated\">\n\t\t\t\t\t\t<div class=\"elementor-element elementor-element-1b7e1cb1 elementor-widget elementor-widget-text-editor\" data-id=\"1b7e1cb1\" data-element_type=\"widget\" data-e-type=\"widget\" data-widget_type=\"text-editor.default\">\n\t\t\t\t<div class=\"elementor-widget-container\">\n\t\t\t\t\t\t\t\t\t<p align=\"justify\">Con el prop<span lang=\"es-US\">\u00f3<\/span>sito de consolidar una gesti<span lang=\"es-US\">\u00f3<\/span>n p<span lang=\"es-US\">\u00fa<\/span>blica eficiente en materia tecnol<span lang=\"es-US\">\u00f3<\/span>gica, este jueves 17 de julio se realiz<span lang=\"es-US\">\u00f3<\/span> una reuni<span lang=\"es-US\">\u00f3<\/span>n de trabajo con representantes de las 24 Fundaciones para el Desarrollo de la Ciencia y la Tecnolog<span lang=\"es-US\">\u00ed<\/span>a (FUNDACITES) de todo el pa<span lang=\"es-US\">\u00ed<\/span>s. El encuentro fue organizado por el equipo de mediadores acad<span lang=\"es-US\">\u00e9<\/span>micos del Diplomado para la Gesti<span lang=\"es-US\">\u00f3<\/span>n de las Tecnolog<span lang=\"es-US\">\u00ed<\/span>as de Informaci<span lang=\"es-US\">\u00f3<\/span>n y la Comunicaci<span lang=\"es-US\">\u00f3<\/span>n (TIC), quienes presentaron la estructura curricular de su segunda cohorte e invitaron a las y los responsables de las <span lang=\"es-US\">\u00e1<\/span>reas tecnol<span lang=\"es-US\">\u00f3<\/span>gicas de las FUNDACITES a sumarse a este proceso formativo.<\/p><p align=\"justify\">Dirigido a profesionales encargados de la gesti<span lang=\"es-US\">\u00f3<\/span>n de tecnolog<span lang=\"es-US\">\u00ed<\/span>as de informaci<span lang=\"es-US\">\u00f3<\/span>n en instituciones p<span lang=\"es-US\">\u00fa<\/span>blicas, el Diplomado busca fortalecer sus capacidades para liderar procesos de transformaci<span lang=\"es-US\">\u00f3<\/span>n tecnol<span lang=\"es-US\">\u00f3<\/span>gica adaptados a las realidades del pa<span lang=\"es-US\">\u00ed<\/span>s.<\/p><p align=\"justify\">La iniciativa es promovida por la Comisi<span lang=\"es-US\">\u00f3<\/span>n Nacional de las Tecnolog<span lang=\"es-US\">\u00ed<\/span>as de Informaci<span lang=\"es-US\">\u00f3<\/span>n (Conati), en articulaci<span lang=\"es-US\">\u00f3<\/span>n con el Centro Nacional de Tecnolog<span lang=\"es-US\">\u00ed<\/span>a de Informaci<span lang=\"es-US\">\u00f3<\/span>n (CNTI) y la Superintendencia de Servicios de Certificaci<span lang=\"es-US\">\u00f3<\/span>n Electr<span lang=\"es-US\">\u00f3<\/span>nica (Suscerte). Adem<span lang=\"es-US\">\u00e1<\/span>s, cuenta con la acreditaci<span lang=\"es-US\">\u00f3<\/span>n y certificaci<span lang=\"es-US\">\u00f3<\/span>n acad<span lang=\"es-US\">\u00e9<\/span>mica de la Escuela Superior Internacional (ESI) de la Fundaci<span lang=\"es-US\">\u00f3<\/span>n Instituto de Estudios Avanzados (IDEA).<\/p><p align=\"justify\">Esta segunda cohorte ofrecer<span lang=\"es-US\">\u00e1<\/span> herramientas te<span lang=\"es-US\">\u00f3<\/span>rico-pr<span lang=\"es-US\">\u00e1<\/span>cticas que permitir<span lang=\"es-US\">\u00e1<\/span>n al personal de las <span lang=\"es-US\">\u00e1<\/span>reas de tecnolog<span lang=\"es-US\">\u00ed<\/span>a de informaci<span lang=\"es-US\">\u00f3<\/span>n identificar oportunidades, dise\u00f1ar soluciones pertinentes y generar impacto desde sus regiones.<\/p><p align=\"justify\">La reuni<span lang=\"es-US\">\u00f3<\/span>n constituy<span lang=\"es-US\">\u00f3<\/span> un espacio clave para el intercambio de informaci<span lang=\"es-US\">\u00f3<\/span>n y la articulaci<span lang=\"es-US\">\u00f3<\/span>n con los actores regionales de las FUNDACITES, a fin de potenciar su participaci<span lang=\"es-US\">\u00f3<\/span>n activa en el Diplomado. Con esta convocatoria, se avanza en el fortalecimiento de las capacidades estrat<span lang=\"es-US\">\u00e9<\/span>gicas del Estado mediante formaci<span lang=\"es-US\">\u00f3<\/span>n especializada y trabajo conjunto.<\/p><p align=\"justify\"><strong>Prensa: Conati.<\/strong><\/p>\t\t\t\t\t\t\t\t<\/div>\n\t\t\t\t<\/div>\n\t\t\t\t\t<\/div>\n\t\t<\/div>\n\t\t\t\t\t<\/div>\n\t\t<\/section>\n\t\t\t\t<\/div>\n\t\t","protected":false},"excerpt":{"rendered":"<p>Diplomado para la Gesti\u00f3n de las Tecnolog\u00edas de Informaci\u00f3n y la Comunicaci\u00f3n suma a los FUNDACITES a su segunda cohorte formativa Con el prop\u00f3sito de consolidar una gesti\u00f3n p\u00fablica eficiente en materia tecnol\u00f3gica, este jueves 17 de julio se realiz\u00f3 una reuni\u00f3n de trabajo con representantes de las 24 Fundaciones para el Desarrollo de la [&hellip;]<\/p>\n","protected":false},"author":5,"featured_media":76677,"parent":0,"menu_order":0,"comment_status":"closed","ping_status":"closed","template":"","meta":{"site-sidebar-layout":"no-sidebar","site-content-layout":"page-builder","ast-site-content-layout":"full-width-container","site-content-style":"default","site-sidebar-style":"default","ast-global-header-display":"","ast-banner-title-visibility":"","ast-main-header-display":"","ast-hfb-above-header-display":"","ast-hfb-below-header-display":"","ast-hfb-mobile-header-display":"","site-post-title":"disabled","ast-breadcrumbs-content":"","ast-featured-img":"disabled","footer-sml-layout":"","ast-disable-related-posts":"","theme-transparent-header-meta":"","adv-header-id-meta":"","stick-header-meta":"","header-above-stick-meta":"","header-main-stick-meta":"","header-below-stick-meta":"","astra-migrate-meta-layouts":"set","ast-page-background-enabled":"default","ast-page-background-meta":{"desktop":{"background-color":"","background-image":"","background-repeat":"repeat","background-position":"center center","background-size":"auto","background-attachment":"scroll","background-type":"","background-media":"","overlay-type":"","overlay-color":"","overlay-opacity":"","overlay-gradient":""},"tablet":{"background-color":"","background-image":"","background-repeat":"repeat","background-position":"center center","background-size":"auto","background-attachment":"scroll","background-type":"","background-media":"","overlay-type":"","overlay-color":"","overlay-opacity":"","overlay-gradient":""},"mobile":{"background-color":"","background-image":"","background-repeat":"repeat","background-position":"center center","background-size":"auto","background-attachment":"scroll","background-type":"","background-media":"","overlay-type":"","overlay-color":"","overlay-opacity":"","overlay-gradient":""}},"ast-content-background-meta":{"desktop":{"background-color":"var(--ast-global-color-5)","background-image":"","background-repeat":"repeat","background-position":"center center","background-size":"auto","background-attachment":"scroll","background-type":"","background-media":"","overlay-type":"","overlay-color":"","overlay-opacity":"","overlay-gradient":""},"tablet":{"background-color":"var(--ast-global-color-5)","background-image":"","background-repeat":"repeat","background-position":"center center","background-size":"auto","background-attachment":"scroll","background-type":"","background-media":"","overlay-type":"","overlay-color":"","overlay-opacity":"","overlay-gradient":""},"mobile":{"background-color":"var(--ast-global-color-5)","background-image":"","background-repeat":"repeat","background-position":"center center","background-size":"auto","background-attachment":"scroll","background-type":"","background-media":"","overlay-type":"","overlay-color":"","overlay-opacity":"","overlay-gradient":""}},"footnotes":""},"class_list":["post-76675","page","type-page","status-publish","has-post-thumbnail","hentry"],"_links":{"self":[{"href":"https:\/\/www.conati.gob.ve\/index.php\/wp-json\/wp\/v2\/pages\/76675","targetHints":{"allow":["GET"]}}],"collection":[{"href":"https:\/\/www.conati.gob.ve\/index.php\/wp-json\/wp\/v2\/pages"}],"about":[{"href":"https:\/\/www.conati.gob.ve\/index.php\/wp-json\/wp\/v2\/types\/page"}],"author":[{"embeddable":true,"href":"https:\/\/www.conati.gob.ve\/index.php\/wp-json\/wp\/v2\/users\/5"}],"replies":[{"embeddable":true,"href":"https:\/\/www.conati.gob.ve\/index.php\/wp-json\/wp\/v2\/comments?post=76675"}],"version-history":[{"count":5,"href":"https:\/\/www.conati.gob.ve\/index.php\/wp-json\/wp\/v2\/pages\/76675\/revisions"}],"predecessor-version":[{"id":76681,"href":"https:\/\/www.conati.gob.ve\/index.php\/wp-json\/wp\/v2\/pages\/76675\/revisions\/76681"}],"wp:featuredmedia":[{"embeddable":true,"href":"https:\/\/www.conati.gob.ve\/index.php\/wp-json\/wp\/v2\/media\/76677"}],"wp:attachment":[{"href":"https:\/\/www.conati.gob.ve\/index.php\/wp-json\/wp\/v2\/media?parent=76675"}],"curies":[{"name":"wp","href":"https:\/\/api.w.org\/{rel}","templated":true}]}}